{"version":"1.0","provider_name":"SIAM 92 - APAJH&amp;VOUS","provider_url":"http:\/\/apajhetvous.apajh.org\/SIAM92","author_name":"Tanguy Sicard","author_url":"http:\/\/apajhetvous.apajh.org\/SIAM92\/author\/tanguy\/","title":"Atelier \"les P'Tits Toqu\u00e9s\" du jeudi 23 f\u00e9vrier - SIAM 92 - APAJH&amp;VOUS","type":"rich","width":600,"height":338,"html":"<blockquote class=\"wp-embedded-content\" data-secret=\"Buwepa9h2W\"><a href=\"http:\/\/apajhetvous.apajh.org\/SIAM92\/atelier-les-ptits-toques-du-jeudi-23-fevrier\/\">Atelier \u00ab\u00a0les P&rsquo;Tits Toqu\u00e9s\u00a0\u00bb du jeudi 23 f\u00e9vrier<\/a><\/blockquote><iframe sandbox=\"allow-scripts\" security=\"restricted\" src=\"http:\/\/apajhetvous.apajh.org\/SIAM92\/atelier-les-ptits-toques-du-jeudi-23-fevrier\/embed\/#?secret=Buwepa9h2W\" width=\"600\" height=\"338\" title=\"\u00ab\u00a0Atelier \u00ab\u00a0les P&rsquo;Tits Toqu\u00e9s\u00a0\u00bb du jeudi 23 f\u00e9vrier\u00a0\u00bb &#8212; SIAM 92 - APAJH&amp;VOUS\" data-secret=\"Buwepa9h2W\" frameborder=\"0\" marginwidth=\"0\" marginheight=\"0\" scrolling=\"no\" class=\"wp-embedded-content\"><\/iframe><script type=\"text\/javascript\">\n\/* <![CDATA[ *\/\n\/*! This file is auto-generated *\/\n!function(d,l){\"use strict\";l.querySelector&&d.addEventListener&&\"undefined\"!=typeof URL&&(d.wp=d.wp||{},d.wp.receiveEmbedMessage||(d.wp.receiveEmbedMessage=function(e){var t=e.data;if((t||t.secret||t.message||t.value)&&!\/[^a-zA-Z0-9]\/.test(t.secret)){for(var s,r,n,a=l.querySelectorAll('iframe[data-secret=\"'+t.secret+'\"]'),o=l.querySelectorAll('blockquote[data-secret=\"'+t.secret+'\"]'),c=new RegExp(\"^https?:$\",\"i\"),i=0;i<o.length;i++)o[i].style.display=\"none\";for(i=0;i<a.length;i++)s=a[i],e.source===s.contentWindow&&(s.removeAttribute(\"style\"),\"height\"===t.message?(1e3<(r=parseInt(t.value,10))?r=1e3:~~r<200&&(r=200),s.height=r):\"link\"===t.message&&(r=new URL(s.getAttribute(\"src\")),n=new URL(t.value),c.test(n.protocol))&&n.host===r.host&&l.activeElement===s&&(d.top.location.href=t.value))}},d.addEventListener(\"message\",d.wp.receiveEmbedMessage,!1),l.addEventListener(\"DOMContentLoaded\",function(){for(var e,t,s=l.querySelectorAll(\"iframe.wp-embedded-content\"),r=0;r<s.length;r++)(t=(e=s[r]).getAttribute(\"data-secret\"))||(t=Math.random().toString(36).substring(2,12),e.src+=\"#?secret=\"+t,e.setAttribute(\"data-secret\",t)),e.contentWindow.postMessage({message:\"ready\",secret:t},\"*\")},!1)))}(window,document);\n\/\/# sourceURL=http:\/\/apajhetvous.apajh.org\/SIAM92\/wp-includes\/js\/wp-embed.min.js\n\/* ]]> *\/\n<\/script>\n","thumbnail_url":"http:\/\/apajhetvous.apajh.org\/SIAM92\/wp-content\/uploads\/2023\/03\/20230223_164234-scaled-e1678800283253.jpg","thumbnail_width":1920,"thumbnail_height":1952,"description":"Dans le cadre des projets personnalis\u00e9s d\u2019accompagnement des enfants du SAFEP et du SAAAS, nous proposons un accompagnement collectif le mercredi apr\u00e8s-midi durant les vacances scolaires au sein du SIAM afin de soutenir les capacit\u00e9s relationnelles, motrices et sensorielles des enfants accueillis. D\u00e9roulement de l\u2019activit\u00e9 L\u2019activit\u00e9 d\u00e9bute par un rituel de Bonjour o\u00f9 chaque enfant"}