{"version":"1.0","provider_name":"Plateforme Enfant-Adulte du Beaujolais - APAJH &amp; Vous","provider_url":"https:\/\/apajhetvous.apajh.org\/plateformebeaujolais","author_name":"Caroline Coudert","author_url":"https:\/\/apajhetvous.apajh.org\/plateformebeaujolais\/author\/caroline-coudert\/","title":"Retour sur le Printemps des po\u00e8tes - Plateforme Enfant-Adulte du Beaujolais - APAJH &amp; Vous","type":"rich","width":600,"height":338,"html":"<blockquote class=\"wp-embedded-content\" data-secret=\"Ej3zV6AKac\"><a href=\"https:\/\/apajhetvous.apajh.org\/plateformebeaujolais\/retour-sur-le-printemps-des-poetes\/\">Retour sur le Printemps des po\u00e8tes<\/a><\/blockquote><iframe sandbox=\"allow-scripts\" security=\"restricted\" src=\"https:\/\/apajhetvous.apajh.org\/plateformebeaujolais\/retour-sur-le-printemps-des-poetes\/embed\/#?secret=Ej3zV6AKac\" width=\"600\" height=\"338\" title=\"\u00ab\u00a0Retour sur le Printemps des po\u00e8tes\u00a0\u00bb &#8212; Plateforme Enfant-Adulte du Beaujolais - APAJH &amp; Vous\" data-secret=\"Ej3zV6AKac\" frameborder=\"0\" marginwidth=\"0\" marginheight=\"0\" scrolling=\"no\" class=\"wp-embedded-content\"><\/iframe><script type=\"text\/javascript\">\n\/* <![CDATA[ *\/\n\/*! This file is auto-generated *\/\n!function(d,l){\"use strict\";l.querySelector&&d.addEventListener&&\"undefined\"!=typeof URL&&(d.wp=d.wp||{},d.wp.receiveEmbedMessage||(d.wp.receiveEmbedMessage=function(e){var t=e.data;if((t||t.secret||t.message||t.value)&&!\/[^a-zA-Z0-9]\/.test(t.secret)){for(var s,r,n,a=l.querySelectorAll('iframe[data-secret=\"'+t.secret+'\"]'),o=l.querySelectorAll('blockquote[data-secret=\"'+t.secret+'\"]'),c=new RegExp(\"^https?:$\",\"i\"),i=0;i<o.length;i++)o[i].style.display=\"none\";for(i=0;i<a.length;i++)s=a[i],e.source===s.contentWindow&&(s.removeAttribute(\"style\"),\"height\"===t.message?(1e3<(r=parseInt(t.value,10))?r=1e3:~~r<200&&(r=200),s.height=r):\"link\"===t.message&&(r=new URL(s.getAttribute(\"src\")),n=new URL(t.value),c.test(n.protocol))&&n.host===r.host&&l.activeElement===s&&(d.top.location.href=t.value))}},d.addEventListener(\"message\",d.wp.receiveEmbedMessage,!1),l.addEventListener(\"DOMContentLoaded\",function(){for(var e,t,s=l.querySelectorAll(\"iframe.wp-embedded-content\"),r=0;r<s.length;r++)(t=(e=s[r]).getAttribute(\"data-secret\"))||(t=Math.random().toString(36).substring(2,12),e.src+=\"#?secret=\"+t,e.setAttribute(\"data-secret\",t)),e.contentWindow.postMessage({message:\"ready\",secret:t},\"*\")},!1)))}(window,document);\n\/\/# sourceURL=https:\/\/apajhetvous.apajh.org\/plateformebeaujolais\/wp-includes\/js\/wp-embed.min.js\n\/* ]]> *\/\n<\/script>\n","thumbnail_url":"https:\/\/apajhetvous.apajh.org\/plateformebeaujolais\/wp-content\/uploads\/2025\/04\/pdp.jpg","thumbnail_width":2137,"thumbnail_height":1202,"description":"Du 14 au 29 mars, Dominique, Martine, Yohann, Manon, Adeline, Don\u00e9, Daniel et Anne ont expos\u00e9 leurs travaux au centre social dans le cadre du festival \u00ab\u00a0le Printemps des Po\u00e8tes\u00a0\u00bb. Le festival \u00e9tait cette ann\u00e9e sur le th\u00e8me de la po\u00e9sie volcanique. Cette exposition a \u00e9t\u00e9 jalonn\u00e9e d\u2019\u00e9v\u00e8nements avec pour commencer le vernissage qui a"}